{"id":35,"date":"2016-06-12T22:15:08","date_gmt":"2016-06-12T20:15:08","guid":{"rendered":"https:\/\/forum-helveticum.ch\/de\/?page_id=35"},"modified":"2026-04-14T11:24:53","modified_gmt":"2026-04-14T09:24:53","slug":"taetigkeitsberichte","status":"publish","type":"page","link":"https:\/\/forum-helveticum.ch\/de\/ueber-uns\/taetigkeitsberichte\/","title":{"rendered":"T\u00e4tigkeitsberichte"},"content":{"rendered":"<p>Die j\u00e4hrlichen T\u00e4tigkeitsberichte werden auf Deutsch und Franz\u00f6sisch verfasst.<\/p>\r\n<ul>\r\n\t<li><a href=\"https:\/\/forum-helveticum.ch\/wp-content\/uploads\/2026\/04\/Forum-Helveticum-Taetigkeitsbericht-2025.pdf\">T\u00e4tigkeitsbericht 2025<\/a> \/\u00a0<a href=\"https:\/\/forum-helveticum.ch\/wp-content\/uploads\/2026\/04\/Revue-de-presse-FH-2025.pdf\" target=\"_blank\" rel=\"noopener\">Medienspiegel 2025<\/a> \/\u00a0<a href=\"https:\/\/forum-helveticum.ch\/wp-content\/uploads\/2026\/03\/Revisionsstellenbericht-Forum-Helveticum-2025.pdf\">Revisionsbericht 2025<\/a>\u00a0<\/li>\r\n\t<li><a href=\"https:\/\/forum-helveticum.ch\/wp-content\/uploads\/2025\/04\/Forum-Helveticum-Taetigkeitsbericht-2024.pdf\">T\u00e4tigkeitsbericht 2024<\/a> \/\u00a0<a href=\"https:\/\/forum-helveticum.ch\/wp-content\/uploads\/2025\/03\/Revue-de-presse-FH-2024.pdf\" target=\"_blank\" rel=\"noopener\">Medienspiegel 2024<\/a> \/ <a href=\"https:\/\/forum-helveticum.ch\/wp-content\/uploads\/2025\/04\/Revisionsstellenbericht-Forum-Helveticum.pdf\">Revisionsbericht 2024<\/a><\/li>\r\n\t<li><a href=\"https:\/\/forum-helveticum.ch\/wp-content\/uploads\/2024\/04\/ForumHelveticum_Jahresbericht2023_D_web.pdf\" target=\"_blank\" rel=\"noopener\">T\u00e4tigkeitsbericht 2023<\/a> \/ <a href=\"https:\/\/forum-helveticum.ch\/wp-content\/uploads\/2024\/03\/Revue-de-presse-FH-2023.pdf\" target=\"_blank\" rel=\"noopener\">Medienspiegel 2023<\/a> \/ <a href=\"https:\/\/forum-helveticum.ch\/wp-content\/uploads\/2024\/03\/23-Revisionsstellenbericht-Forum-Helveticum_signiert.pdf\" target=\"_blank\" rel=\"noopener\">Revisionsbericht 2023<\/a><\/li>\r\n\t<li><a href=\"https:\/\/forum-helveticum.ch\/wp-content\/uploads\/2023\/04\/ForumHelveticum_Jahresbericht22_DE_web.pdf\" target=\"_blank\" rel=\"noopener\">T\u00e4tigkeitsbericht 2022<\/a> \/ <a href=\"https:\/\/forum-helveticum.ch\/wp-content\/uploads\/2023\/02\/202201-Revue-de-presse-FH-2022.pdf\" target=\"_blank\" rel=\"noopener\">Medienspiegel 2022<\/a> \/ <a href=\"https:\/\/forum-helveticum.ch\/wp-content\/uploads\/2023\/02\/FH_Revisionsstellenbericht_2022_Apt_Treuhand.pdf\" target=\"_blank\" rel=\"noopener\">Revisionsbericht 2022<\/a><\/li>\r\n\t<li><a href=\"https:\/\/forum-helveticum.ch\/wp-content\/uploads\/2022\/04\/FH_Jahresbericht-2021_D_Web.pdf\" target=\"_blank\" rel=\"noopener\">T\u00e4tigkeitsbericht 2021<\/a> \/ <a href=\"https:\/\/forum-helveticum.ch\/wp-content\/uploads\/2022\/02\/212101-Revue-de-presse-FH-2021_DEF.pdf\" target=\"_blank\" rel=\"noopener\">Medienspiegel 2021<\/a> \/ <a href=\"https:\/\/forum-helveticum.ch\/wp-content\/uploads\/2022\/02\/FH_Apt_Revisionsbericht_2021.pdf\" target=\"_blank\" rel=\"noopener\">Revisionsbericht 2021<\/a><\/li>\r\n\t<li><a href=\"https:\/\/forum-helveticum.ch\/wp-content\/uploads\/2021\/04\/FH-Taetigkeitsbericht-2020-DEF.pdf\" target=\"_blank\" rel=\"noopener\">T\u00e4tigkeitsbericht 2020<\/a> \/ <a href=\"https:\/\/forum-helveticum.ch\/wp-content\/uploads\/2021\/03\/210302-Revue-de-presse-FH-2020_DEF.pdf\">Medienspiegel 2020<\/a> \/ <a href=\"https:\/\/forum-helveticum.ch\/wp-content\/uploads\/2021\/03\/FH_Apt_Revisionsbericht_2020.pdf\">Revisionsbericht 2020<\/a><\/li>\r\n\t<li><a href=\"https:\/\/forum-helveticum.ch\/wp-content\/uploads\/2020\/05\/FH-T\u00e4tigkeitsbericht-2019-DEF.pdf\">T\u00e4tigkeitsbericht 2019<\/a> \/ <a href=\"https:\/\/forum-helveticum.ch\/wp-content\/uploads\/2020\/03\/200305-Revue-de-presse-FH-2019-2.pdf\">Medienspiegel 2019<\/a> \/ <a href=\"https:\/\/forum-helveticum.ch\/wp-content\/uploads\/2020\/03\/20200304_FH_Apt_Revision_2019_def..pdf\">Revisionsbericht 2019<\/a><\/li>\r\n\t<li><a href=\"https:\/\/forum-helveticum.ch\/wp-content\/uploads\/2019\/04\/FH-T\u00e4tigkeitsbericht-2018-DEF.pdf\">T\u00e4tigkeitsbericht 2018<\/a> \/\u00a0<a href=\"https:\/\/forum-helveticum.ch\/wp-content\/uploads\/2019\/03\/190314-Revue-de-presse-FH-2018.pdf\">Medienspiegel 2018<\/a> \/ <a href=\"https:\/\/forum-helveticum.ch\/wp-content\/uploads\/2019\/03\/18-Revisionsstellenbericht-Forum-Helveticum_signed.pdf\">Revisionsbericht 2018<\/a><\/li>\r\n\t<li><a href=\"https:\/\/forum-helveticum.ch\/wp-content\/uploads\/2016\/06\/FH-T\u00e4tigkeitsbericht-2017.pdf\">T\u00e4tigkeitsbericht 2017<\/a> \/\u00a0<a href=\"https:\/\/forum-helveticum.ch\/wp-content\/uploads\/2016\/06\/180412-Revue-de-presse-FH-2017.pdf\">Medienspiegel 2017<\/a> \/\u00a0<a href=\"https:\/\/forum-helveticum.ch\/wp-content\/uploads\/2016\/06\/17-RSB-Forum-Helveticum_signed.pdf\">Revisionsbericht 2017<\/a><\/li>\r\n\t<li><a href=\"https:\/\/forum-helveticum.ch\/wp-content\/uploads\/2016\/06\/2016-FH_T\u00e4tigkeitsbericht-DE_DEF.pdf\">T\u00e4tigkeitsbericht 2016<\/a><\/li>\r\n\t<li><a href=\"https:\/\/forum-helveticum.ch\/wp-content\/uploads\/2016\/06\/FH2015_T\u00e4tigkeitsbericht_DEF.pdf\">T\u00e4tigkeitsbericht 2015<\/a><\/li>\r\n\t<li><a href=\"https:\/\/forum-helveticum.ch\/wp-content\/uploads\/2016\/06\/2014-FH_T\u00e4tigkeitsbericht-DE_DEF.pdf\">T\u00e4tigkeitsbericht 2014<\/a><\/li>\r\n\t<li><a href=\"https:\/\/forum-helveticum.ch\/wp-content\/uploads\/2016\/06\/Forum-Helveticum_T\u00e4tigkeitsbericht-2013.pdf\">T\u00e4tigkeitsbericht 2013<\/a><\/li>\r\n\t<li><a href=\"https:\/\/forum-helveticum.ch\/wp-content\/uploads\/2016\/06\/Bericht2012D.pdf\">T\u00e4tigkeitsbericht 2012<\/a><\/li>\r\n\t<li><a href=\"https:\/\/forum-helveticum.ch\/wp-content\/uploads\/2016\/06\/Bericht2011DA4.pdf\">T\u00e4tigkeitsbericht 2011<\/a><\/li>\r\n\t<li><a href=\"https:\/\/forum-helveticum.ch\/wp-content\/uploads\/2016\/06\/Bericht2010D.pdf\">T\u00e4tigkeitsbericht 2010<\/a><\/li>\r\n\t<li><a href=\"https:\/\/forum-helveticum.ch\/wp-content\/uploads\/2016\/06\/Bericht2009D.pdf\">T\u00e4tigkeitsbericht 2009<\/a><\/li>\r\n\t<li><a href=\"https:\/\/forum-helveticum.ch\/wp-content\/uploads\/2016\/06\/Bericht2008D.pdf\">T\u00e4tigkeitsbericht 2008<\/a><\/li>\r\n<\/ul>","protected":false},"excerpt":{"rendered":"<p>Die j\u00e4hrlichen T\u00e4tigkeitsberichte werden auf Deutsch und Franz\u00f6sisch verfasst. T\u00e4tigkeitsbericht 2025 \/\u00a0Medienspiegel 2025 \/\u00a0Revisionsbericht 2025\u00a0 T\u00e4tigkeitsbericht 2024 \/\u00a0Medienspiegel 2024 \/ Revisionsbericht 2024 T\u00e4tigkeitsbericht 2023 \/ Medienspiegel 2023 \/ Revisionsbericht 2023 T\u00e4tigkeitsbericht 2022 \/ Medienspiegel 2022 \/ Revisionsbericht 2022 T\u00e4tigkeitsbericht 2021 \/ Medienspiegel 2021 \/ Revisionsbericht 2021 T\u00e4tigkeitsbericht 2020 \/ Medienspiegel 2020 \/ Revisionsbericht 2020 T\u00e4tigkeitsbericht&nbsp;<a class=\"more\" href=\"https:\/\/forum-helveticum.ch\/de\/ueber-uns\/taetigkeitsberichte\/\">Mehr<\/a><\/p>\n","protected":false},"author":2,"featured_media":0,"parent":21,"menu_order":5,"comment_status":"closed","ping_status":"closed","template":"","meta":{"_acf_changed":false,"footnotes":""},"class_list":["post-35","page","type-page","status-publish","hentry"],"acf":[],"_links":{"self":[{"href":"https:\/\/forum-helveticum.ch\/de\/wp-json\/wp\/v2\/pages\/35","targetHints":{"allow":["GET"]}}],"collection":[{"href":"https:\/\/forum-helveticum.ch\/de\/wp-json\/wp\/v2\/pages"}],"about":[{"href":"https:\/\/forum-helveticum.ch\/de\/wp-json\/wp\/v2\/types\/page"}],"author":[{"embeddable":true,"href":"https:\/\/forum-helveticum.ch\/de\/wp-json\/wp\/v2\/users\/2"}],"replies":[{"embeddable":true,"href":"https:\/\/forum-helveticum.ch\/de\/wp-json\/wp\/v2\/comments?post=35"}],"version-history":[{"count":1,"href":"https:\/\/forum-helveticum.ch\/de\/wp-json\/wp\/v2\/pages\/35\/revisions"}],"predecessor-version":[{"id":16266,"href":"https:\/\/forum-helveticum.ch\/de\/wp-json\/wp\/v2\/pages\/35\/revisions\/16266"}],"up":[{"embeddable":true,"href":"https:\/\/forum-helveticum.ch\/de\/wp-json\/wp\/v2\/pages\/21"}],"wp:attachment":[{"href":"https:\/\/forum-helveticum.ch\/de\/wp-json\/wp\/v2\/media?parent=35"}],"curies":[{"name":"wp","href":"https:\/\/api.w.org\/{rel}","templated":true}]}}